{"id":28927,"date":"2025-09-29T12:18:02","date_gmt":"2025-09-29T10:18:02","guid":{"rendered":"https:\/\/www.teraitaly.com\/?post_type=products&#038;p=28927"},"modified":"2025-10-02T12:02:28","modified_gmt":"2025-10-02T10:02:28","slug":"rock","status":"publish","type":"products","link":"https:\/\/www.teraitaly.com\/fr\/prodotti\/rock\/","title":{"rendered":"ROCK"},"content":{"rendered":"<p>R\u00e9alis\u00e9e en plastique r\u00e9sistant mais avec une finition textur\u00e9e effet b\u00e9ton, <strong>Rock<\/strong> allie esth\u00e9tique moderne et fonctionnalit\u00e9 pour l\u2019am\u00e9nagement ext\u00e9rieur.<br \/>\nCette jardini\u00e8re est parfaite pour terrasses, balcons, jardins et espaces ext\u00e9rieurs gr\u00e2ce \u00e0 son <strong>\u00e9paisseur r\u00e9duite<\/strong> qui la rend id\u00e9ale pour des environnements de dimensions limit\u00e9es, tandis que sa <strong>structure modulaire<\/strong> permet de cr\u00e9er des configurations personnalis\u00e9es et dynamiques.<\/p>\n<p>&nbsp;<\/p>\n<p>&nbsp;<\/p>\n<p>R\u00e9sistante aux intemp\u00e9ries, l\u00e9g\u00e8re et facile \u00e0 d\u00e9placer, Rock est la solution id\u00e9ale pour ceux qui recherchent caract\u00e8re et praticit\u00e9 dans un seul \u00e9l\u00e9ment d\u2019ameublement.<\/p>\n","protected":false},"excerpt":{"rendered":"<p>Rock est une jardini\u00e8re modulaire en plastique effet b\u00e9ton, l\u00e9g\u00e8re et r\u00e9sistante, id\u00e9ale pour am\u00e9nager avec style m\u00eame les espaces ext\u00e9rieurs les plus compacts.<\/p>\n","protected":false},"featured_media":28940,"template":"","collections":[710],"loghi":[],"class_list":["post-28927","products","type-products","status-publish","has-post-thumbnail","hentry","collections-essential-fr","ambienti-outdoor","materiali-plastica-fr","colori-basalt-fr","colori-chalk-fr","colori-concrete-fr","colori-rust-fr","design-tera-fr"],"acf":{"prodotto_fede":{"prodotto":[{"sku":"11553080350","nome":"ROCK 80 BASALT","collezione":"ESSENTIAL","materiale":"PLASTICA","descrizione":"R\u00e9alis\u00e9e en plastique r\u00e9sistant mais avec une finition textur\u00e9e effet b\u00e9ton, Rock allie esth\u00e9tique moderne et fonctionnalit\u00e9 pour l\u2019am\u00e9nagement ext\u00e9rieur.\r\nCette jardini\u00e8re est parfaite pour terrasses, balcons, jardins et espaces ext\u00e9rieurs gr\u00e2ce \u00e0 son \u00e9paisseur r\u00e9duite qui la rend id\u00e9ale pour des environnements de dimensions limit\u00e9es, tandis que sa structure modulaire permet de cr\u00e9er des configurations personnalis\u00e9es et dynamiques.\r\n\r\nR\u00e9sistante aux intemp\u00e9ries, l\u00e9g\u00e8re et facile \u00e0 d\u00e9placer, Rock est la solution id\u00e9ale pour ceux qui recherchent caract\u00e8re et praticit\u00e9 dans un seul \u00e9l\u00e9ment d\u2019ameublement.","colore":"BASALT","pack":"","lunghezza":"78","profondita":"29","altezza":"39","litri":"75","adatto_per":""},{"sku":"11553080351","nome":"ROCK 80 CHALK","collezione":"ESSENTIAL","materiale":"PLASTICA","descrizione":"R\u00e9alis\u00e9e en plastique r\u00e9sistant mais avec une finition textur\u00e9e effet b\u00e9ton, Rock allie esth\u00e9tique moderne et fonctionnalit\u00e9 pour l\u2019am\u00e9nagement ext\u00e9rieur.\r\nCette jardini\u00e8re est parfaite pour terrasses, balcons, jardins et espaces ext\u00e9rieurs gr\u00e2ce \u00e0 son \u00e9paisseur r\u00e9duite qui la rend id\u00e9ale pour des environnements de dimensions limit\u00e9es, tandis que sa structure modulaire permet de cr\u00e9er des configurations personnalis\u00e9es et dynamiques.\r\n\r\nR\u00e9sistante aux intemp\u00e9ries, l\u00e9g\u00e8re et facile \u00e0 d\u00e9placer, Rock est la solution id\u00e9ale pour ceux qui recherchent caract\u00e8re et praticit\u00e9 dans un seul \u00e9l\u00e9ment d\u2019ameublement.","colore":"CHALK","pack":"","lunghezza":"78","profondita":"29","altezza":"39","litri":"75","adatto_per":""},{"sku":"11553080353","nome":"ROCK 80 RUST","collezione":"ESSENTIAL","materiale":"PLASTICA","descrizione":"R\u00e9alis\u00e9e en plastique r\u00e9sistant mais avec une finition textur\u00e9e effet b\u00e9ton, Rock allie esth\u00e9tique moderne et fonctionnalit\u00e9 pour l\u2019am\u00e9nagement ext\u00e9rieur.\r\nCette jardini\u00e8re est parfaite pour terrasses, balcons, jardins et espaces ext\u00e9rieurs gr\u00e2ce \u00e0 son \u00e9paisseur r\u00e9duite qui la rend id\u00e9ale pour des environnements de dimensions limit\u00e9es, tandis que sa structure modulaire permet de cr\u00e9er des configurations personnalis\u00e9es et dynamiques.\r\n\r\nR\u00e9sistante aux intemp\u00e9ries, l\u00e9g\u00e8re et facile \u00e0 d\u00e9placer, Rock est la solution id\u00e9ale pour ceux qui recherchent caract\u00e8re et praticit\u00e9 dans un seul \u00e9l\u00e9ment d\u2019ameublement.","colore":"RUST","pack":"","lunghezza":"78","profondita":"29","altezza":"39","litri":"75","adatto_per":""},{"sku":"11553080352","nome":"ROCK 80 CONCRETE","collezione":"ESSENTIAL","materiale":"PLASTICA","descrizione":"R\u00e9alis\u00e9e en plastique r\u00e9sistant mais avec une finition textur\u00e9e effet b\u00e9ton, Rock allie esth\u00e9tique moderne et fonctionnalit\u00e9 pour l\u2019am\u00e9nagement ext\u00e9rieur.\r\nCette jardini\u00e8re est parfaite pour terrasses, balcons, jardins et espaces ext\u00e9rieurs gr\u00e2ce \u00e0 son \u00e9paisseur r\u00e9duite qui la rend id\u00e9ale pour des environnements de dimensions limit\u00e9es, tandis que sa structure modulaire permet de cr\u00e9er des configurations personnalis\u00e9es et dynamiques.\r\n\r\nR\u00e9sistante aux intemp\u00e9ries, l\u00e9g\u00e8re et facile \u00e0 d\u00e9placer, Rock est la solution id\u00e9ale pour ceux qui recherchent caract\u00e8re et praticit\u00e9 dans un seul \u00e9l\u00e9ment d\u2019ameublement.","colore":"CONCRETE","pack":"","lunghezza":"78","profondita":"29","altezza":"39","litri":"75","adatto_per":""}],"elementi_descrittivi":"Recyclable, utilisation outdoor, r\u00e9sistant aux basses temp\u00e9ratures comme aux p\u00e9riodes les plus chaudes, l\u00e9ger.","ulteriori_informazioni":"Possibilit\u00e9 de cr\u00e9er une r\u00e9serve d\u2019eau en per\u00e7ant le fond du pot.","nota":"","ambienti":[19],"loghi":false,"correlati":[7668,7665,7671,7669,28968],"foto":[29588,29593,29598,29603,29608,29613],"video":"","custom_order":""}},"_links":{"self":[{"href":"https:\/\/www.teraitaly.com\/fr\/wp-json\/wp\/v2\/products\/28927","targetHints":{"allow":["GET"]}}],"collection":[{"href":"https:\/\/www.teraitaly.com\/fr\/wp-json\/wp\/v2\/products"}],"about":[{"href":"https:\/\/www.teraitaly.com\/fr\/wp-json\/wp\/v2\/types\/products"}],"wp:featuredmedia":[{"embeddable":true,"href":"https:\/\/www.teraitaly.com\/fr\/wp-json\/wp\/v2\/media\/28940"}],"wp:attachment":[{"href":"https:\/\/www.teraitaly.com\/fr\/wp-json\/wp\/v2\/media?parent=28927"}],"wp:term":[{"taxonomy":"collections","embeddable":true,"href":"https:\/\/www.teraitaly.com\/fr\/wp-json\/wp\/v2\/collections?post=28927"},{"taxonomy":"ambienti","embeddable":true,"href":"https:\/\/www.teraitaly.com\/fr\/wp-json\/wp\/v2\/collections?post=28927"},{"taxonomy":"materiali","embeddable":true,"href":"https:\/\/www.teraitaly.com\/fr\/wp-json\/wp\/v2\/collections?post=28927"},{"taxonomy":"colori","embeddable":true,"href":"https:\/\/www.teraitaly.com\/fr\/wp-json\/wp\/v2\/collections?post=28927"},{"taxonomy":"design","embeddable":true,"href":"https:\/\/www.teraitaly.com\/fr\/wp-json\/wp\/v2\/collections?post=28927"},{"taxonomy":"loghi","embeddable":true,"href":"https:\/\/www.teraitaly.com\/fr\/wp-json\/wp\/v2\/loghi?post=28927"}],"curies":[{"name":"wp","href":"https:\/\/api.w.org\/{rel}","templated":true}]}}